{"id":10,"date":"2022-09-09T21:42:20","date_gmt":"2022-09-09T19:42:20","guid":{"rendered":"http:\/\/zrozumiecswiat.sosw.bochnia.pl\/?page_id=10"},"modified":"2022-10-20T02:05:44","modified_gmt":"2022-10-20T00:05:44","slug":"o-projekcie","status":"publish","type":"page","link":"https:\/\/zrozumiecswiat.sosw.bochnia.pl\/index.php\/o-projekcie\/","title":{"rendered":"O Projekcie"},"content":{"rendered":"\n<h2 class=\"wp-block-heading\">Cel projektu<\/h2>\n\n\n\n<h3 class=\"wp-block-heading\">Celem projektu jest podniesienie w\u015br\u00f3d 40 uczni\u00f3w\/uczennic Szko\u0142y Podstawowej w SOSW w Bochni kompetencji kluczowych i umiej\u0119tno\u015bci uniwersalnych niezb\u0119dnych na rynku pracy tj. kompetencji i umiej\u0119tno\u015bci matematyczno-przyrodniczych, kompetencji informatycznych oraz kompetencji emocjonalno-spo\u0142ecznych poprzez prowadzenie dodatkowych zaj\u0119\u0107 rozwijaj\u0105cych oraz zaj\u0119\u0107 specjalistycznych dostosowanych do specyficznych potrzeb uczni\u00f3w.<\/h3>\n\n\n\n<p>Uzupe\u0142nieniem prowadzonych dzia\u0142a\u0144 jest doposa\u017cenie pracowni TIK, utworzenie i wyposa\u017cenie Mi\u0119dzyszkolnego Laboratorium Matematyczno-Przyrodniczego, Mi\u0119dzyszkolnej Pracowni Arteterapii i Rozwoju osobowo\u015bci, doposa\u017cenie istniej\u0105cej pracowni gospodarstwa domowego oraz zakup materia\u0142\u00f3w oraz pomocy dydaktycznych do prowadzenia terapii uczni\u00f3w.<\/p>\n\n\n\n<h2 class=\"wp-block-heading\">W ramach projektu realizujemy nast\u0119puj\u0105ce zadania:<\/h2>\n\n\n\n<h3 class=\"wp-block-heading\">Zadanie 1: Zaj\u0119cia rozwijaj\u0105ce kompetencje matematyczno-przyrodnicze<\/h3>\n\n\n\n<p>Matematyka oraz nauki przyrodnicze nauczane w czasie lekcji sprawiaj\u0105 uczniom wiele trudno\u015bci, czasem budz\u0105 niech\u0119\u0107 i stres. Zatem atrakcyjn\u0105 form\u0105 nauczania s\u0105 zaj\u0119cia prowadzone na bazie do\u015bwiadcze\u0144 i znajomo\u015bci zjawisk zachodz\u0105cych w przyrodzie. W trakcie zaj\u0119\u0107 wykorzystywana jest nowoczesna technologia informacyjna. Taki spos\u00f3b edukacji opr\u00f3cz tego, \u017ce uatrakcyjnia zaj\u0119cia, mobilizuje uczni\u00f3w do samodzielnego dzia\u0142ania, a tak\u017ce rozwija zaburzone lub ograniczone umiej\u0119tno\u015bci komunikacyjne. <\/p>\n\n\n\n<p>Tematyka zaj\u0119\u0107 to m.in.<\/p>\n\n\n\n<ul class=\"wp-block-list\"><li>Ziemia \u2013 planeta, na kt\u00f3rej \u017cyj\u0119.<\/li><li>Czas \u2013 jak mierzono czas dawniej \u2013 a jak dzi\u015b?<\/li><li>Obliczenia kalendarzowe \u2013 sposoby zapisywania daty.<\/li><li>Daty dla mnie wa\u017cne.<\/li><li>Pomiary temperatury.<\/li><li>Liczby dodatnie i ujemne.<\/li><li>Figury geometryczne p\u0142askie.<\/li><\/ul>\n\n\n\n<p>W ramach zadania zakupiono laboratorium matematyczno\u2013przyrodnicze oraz pomoce dydaktyczne do uczenia matematyki i przyrody.<\/p>\n\n\n\n<h3 class=\"wp-block-heading\">Zadanie 2: Zaj\u0119cia rozwijaj\u0105ce zainteresowanie technologi\u0105 informacyjn\u0105 i IT<\/h3>\n\n\n\n<p>Projekt z tego zakresu stanowi uzupe\u0142nienie wiedzy z informatyki, matematyki, j\u0119zyka polskiego. Wszystko odbywa si\u0119 w ciekawej, praktycznej formule przy wykorzystaniu nowoczesnego sprz\u0119tu i oprogramowania, kt\u00f3re zakupiono dzi\u0119ki dofinansowaniu. Do dyspozycji uczni\u00f3w s\u0105 laptopy, programy demonta\u017cu, kamera, aparat fotograficzny oraz drukarka. Realizacja zadania umo\u017cliwia uczniom nie tylko doskonalenie praktycznych umiej\u0119tno\u015bci, ale tak\u017ce rozw\u00f3j kompetencji spo\u0142ecznych. W trakcie zaj\u0119\u0107 uczniowie otrzymaj\u0105 odpowied\u017a na nast\u0119puj\u0105ce pytania: Jak zrobi\u0107 \u0142adne zdj\u0119cie? A je\u015bli co\u015b si\u0119 nie uda\u2026jak poprawi\u0107 w programie graficznym ostro\u015b\u0107 i nasycenie kolor\u00f3w? Jak nagra\u0107 film ze szkolnej uroczysto\u015bci, a p\u00f3\u017aniej zmontowa\u0107 go w programie do edycji wideo? Jak zredagowa\u0107 szkoln\u0105 gazetk\u0119?<\/p>\n\n\n\n<h3 class=\"wp-block-heading\">Zadanie 3: Arteterapia<\/h3>\n\n\n\n<p>Fenomen zaj\u0119\u0107 arteterapeutycznych polega na tym, \u017ce wcale nie trzeba by\u0107 osob\u0105 szczeg\u00f3lnie uzdolnion\u0105 artystycznie, by m\u00f3c tworzy\u0107 ciekawe, tw\u00f3rcze kreacje, a poprzez to przekracza\u0107 w\u0142asne granice umys\u0142owe, fizyczne, mentalne oraz spo\u0142eczne. Dlatego te\u017c zaj\u0119cia z zakresu arteterapii realizowane w ramach niniejszego projektu s\u0105 doskona\u0142\u0105 sposobno\u015bci\u0105 do zaspokajania specjalnych potrzeb uczni\u00f3w, rozwijania ich potencja\u0142u, a przede wszystkim kszta\u0142towania kompetencji edukacyjnych. W drodze tw\u00f3rczego, cz\u0119sto spontanicznego dzia\u0142ania uczestnicy zaj\u0119\u0107 projektowych rozwijaj\u0105 te zachowania, umiej\u0119tno\u015bci i postawy, kt\u00f3re wzmacniaj\u0105 ich szanse edukacyjne.<\/p>\n\n\n\n<p>Spo\u015br\u00f3d wielu technik arteterapeutycznych do realizowania projektu zaplanowali\u015bmy prac\u0119 w glinie. Glina &#8211; to jedno z najbardziej naturalnych tworzyw, ma wiele w\u0142a\u015bciwo\u015bci plastycznych o walorach terapeutycznych: wielo\u015b\u0107 barw, zapach\u00f3w, konsystencji, faktur oraz zmienno\u015b\u0107 temperatury \u2013 wszystko to wp\u0142ywa doskonale na rozw\u00f3j zmys\u0142\u00f3w, pozwala tak\u017ce jednocze\u015bnie hamowa\u0107 napi\u0119cia psychoruchowe u uczni\u00f3w nadpobudliwych oraz pobudza\u0107 do dzia\u0142ania osoby o obni\u017conej dynamice proces\u00f3w psychicznych. Formowanie, ugniatanie, wa\u0142kowanie, wyciskanie, wykrawanie, g\u0142adzenie czy te\u017c rze\u017abienie w glinie to wspania\u0142a gimnastyka \u2013 nie tylko d\u0142oni i palc\u00f3w &#8211; ale ca\u0142ego cia\u0142a. Warto te\u017c zaakcentowa\u0107, \u017ce wiele wytwor\u00f3w z gliny to efekt pracy i wsp\u00f3\u0142dzia\u0142ania wszystkich uczestnik\u00f3w zespo\u0142u nad form\u0105, faktur\u0105 i barw\u0105. <\/p>\n\n\n\n<p>Wsp\u00f3lna aktywno\u015b\u0107 uczni\u00f3w sprzyja poprawie ich spo\u0142ecznego funkcjonowania &#8211; komunikowania, budowania partnerskich relacji oraz uczenia si\u0119 odpowiedzialno\u015bci.<\/p>\n\n\n\n<p>Dzi\u0119ki \u015brodkom uzyskanym z EFRR i EFS mogli\u015bmy utworzy\u0107 i wyposa\u017cy\u0107 pracowni\u0119 ceramiki. Zakupili\u015bmy sprz\u0119t i materia\u0142y s\u0142u\u017c\u0105ce do realizacji powy\u017cszych cel\u00f3w, m.in. walcark\u0119 do gliny, formy do odlew\u00f3w ceramicznych, glin\u0119, a poniewa\u017c nie \u015bwi\u0119ci garnki lepi\u0105 &#8211; od stycznia zaczniemy kr\u0119ci\u0107 ko\u0142em garncarskim i tworzy\u0107 p\u0142askie i przestrzenne wyroby: tace, patery, misy, dzbany, wazony, kt\u00f3re uczniowie b\u0119d\u0105 mogli dowolnie przekszta\u0142ca\u0107 i upi\u0119ksza\u0107 wed\u0142ug w\u0142asnej fantazji i pomys\u0142owo\u015bci.<\/p>\n\n\n\n<h3 class=\"wp-block-heading\">Zadanie 4: Muzykoterapia<\/h3>\n\n\n\n<p>Na zaj\u0119ciach muzyczno-terapeutycznych uczniowie maj\u0105 mo\u017cliwo\u015b\u0107 wykaza\u0107 si\u0119 inicjatyw\u0105, aktywno\u015bci\u0105 i samodzielno\u015bci\u0105. Zapami\u0119tuj\u0105c poszczeg\u00f3lne zmiany zachodz\u0105ce w uk\u0142adach tanecznych kszta\u0142tuj\u0105 uwag\u0119, szybk\u0105 orientacj\u0119, decyzyjno\u015b\u0107, ucz\u0105 si\u0119 przestrzega\u0107 \u0142adu i porz\u0105dku, kszta\u0142c\u0105 wra\u017cliwo\u015b\u0107 estetyczn\u0105. Zabawowa forma zaj\u0119\u0107 sprzyja odpr\u0119\u017ceniu psychicznemu, zmniejsza napi\u0119cia i likwiduje \u017ar\u00f3d\u0142a frustracji. Uczniowie wyzbywaj\u0105 si\u0119 kompleks\u00f3w, zahamowa\u0144, otwieraj\u0105 si\u0119 na \u015bwiat i s\u0105 spontaniczni. W ramach zadania zakupiono stroje krakowskie, stroje do ta\u0144ca chiliderek, akordeon, kamer\u0119 i mikrofony.<\/p>\n\n\n\n<h3 class=\"wp-block-heading\">Zadanie 5: Teatroterapia<\/h3>\n\n\n\n<p>Tematyka zaj\u0119\u0107 sprzyja rozwijaniu tw\u00f3rczej aktywno\u015bci uczni\u00f3w, wra\u017cliwo\u015bci, tolerancji, empatii, wyobra\u017ani i intuicji. Uczniowie, pomimo swoich ogranicze\u0144, potrafi\u0105 dzia\u0142a\u0107 z w\u0142asnej inicjatywy, nie boj\u0105 si\u0119 wyzwa\u0144, realizuj\u0105 swoje pasje. Podczas zaj\u0119\u0107 teatralnych uczniowie otrzymuj\u0105 rol\u0119 do zagrania, ucz\u0105 si\u0119 tekstu, wcielaj\u0105 si\u0119 w inn\u0105 posta\u0107. Uczniowie przyswajaj\u0105 zasady dykcji i interpretacji tekstu, ucz\u0105 si\u0119 \u015bpiewa\u0107 i ta\u0144czy\u0107. Przymierzaj\u0105 stroje, kt\u00f3re by\u0142y szyte na miar\u0119, specjalnie dla nich, uczestnicz\u0105 w pr\u00f3bach kostiumowych i mikrofonowych, ucz\u0105 si\u0119 charakteryzacji. To wszystko sprawia, \u017ce uczniowie zaspokajaj\u0105 potrzeb\u0119 akceptacji, zwi\u0119ksza si\u0119 ich poczucie warto\u015bci, maj\u0105 mo\u017cliwo\u015b\u0107 zaistnienia w grupie, pobudzana jest aktywno\u015b\u0107 emocjonalna, ruchowa i intelektualna.<\/p>\n\n\n\n<p>Wraz z przygotowaniami do spektaklu trwa gruntowna przebudowa sceny, kt\u00f3ra zosta\u0142a powi\u0119kszona i przystosowana do wyst\u0119p\u00f3w profesjonalist\u00f3w. W ramach dofinansowania zakupiono stroje, kostiumy, kurtyny i mikrofony.<\/p>\n\n\n\n<h3 class=\"wp-block-heading\">Zadanie 6: Zaj\u0119cia rozwijaj\u0105ce zaradno\u015b\u0107 osobist\u0105, prowadzone metod\u0105 Ergoterapii<\/h3>\n\n\n\n<p>W zaj\u0119ciach z zakresu zaradno\u015bci osobistej uczestniczy m\u0142odzie\u017c z klas starszych. Terapeutyczne walory tych zaj\u0119\u0107 to przede wszystkim usprawnianie ma\u0142ej motoryki (nadgarstka, d\u0142oni, palc\u00f3w), usprawnianie percepcji wzrokowej i koordynacji wzrokowo-ruchowej, wzbudzenie wzajemnego zaufania w relacji ucze\u0144 &#8211; terapeuta. Zaj\u0119cia w\u0142a\u015bciwe poprzedza cz\u0119\u015b\u0107 wst\u0119pna, kt\u00f3ra polega na \u0107wiczeniu ma\u0142ej motoryki, w formie zabawowej, jako zaj\u0119cia z materia\u0142em sypkim nieustrukturyzowanym i przekszta\u0142calnym (kasza, ry\u017c, makaron, piasek, woda, masa solna, plastelina, modelina). W ramach zadania doposa\u017cona zosta\u0142a istniej\u0105ca ju\u017c w O\u015brodku pracownia gastronomiczna.<\/p>\n\n\n\n<h3 class=\"wp-block-heading\">Zadanie 7: Socjoterapia<\/h3>\n\n\n\n<p>Niwelowanie napi\u0119\u0107 zwi\u0105zanych z niepowodzeniami, kszta\u0142towanie umiej\u0119tno\u015bci radzenia sobie w sytuacjach trudnych, doskonalenie kompetencji kluczowych w zakresie umiej\u0119tno\u015bci uczenia si\u0119, rozwijania logicznego my\u015blenia i kojarzenia &#8211; to g\u0142\u00f3wny cel zaj\u0119\u0107 socjoterapeutycznych. Uczniowie z niepe\u0142nosprawno\u015bciami zmagaj\u0105 si\u0119 z wieloma przeszkodami, zar\u00f3wno w szkole jak i w domu. Powoduje to brak orientacji wyra\u017caj\u0105cy si\u0119 niezrozumieniem emocji w\u0142asnych, jak i tych, kt\u00f3re prze\u017cywaj\u0105 ludzie z otoczenia. Te wszystkie trudne sytuacje wp\u0142ywaj\u0105 na osi\u0105gni\u0119cia szkolne, nabywanie nowych umiej\u0119tno\u015bci i wiedzy.<\/p>\n\n\n\n<p>W ramach zaj\u0119\u0107 uczniowie indywidualnie i w grupach buduj\u0105 wi\u0119zi emocjonalne, integruj\u0105 si\u0119, \u0107wicz\u0105 komunikacj\u0119 werbaln\u0105 i pozawerbaln\u0105, kszta\u0142tuj\u0105 pozytywny obraz samego siebie. Odby\u0142o si\u0119 wiele zaj\u0119\u0107 integruj\u0105cych grup\u0119, buduj\u0105cych atmosfer\u0119 bezpiecze\u0144stwa i wzajemnego zaufania.<\/p>\n","protected":false},"excerpt":{"rendered":"<p>Cel projektu Celem projektu jest podniesienie w\u015br\u00f3d 40 uczni\u00f3w\/uczennic Szko\u0142y Podstawowej w SOSW w Bochni kompetencji kluczowych i umiej\u0119tno\u015bci uniwersalnych niezb\u0119dnych na rynku pracy tj. kompetencji i umiej\u0119tno\u015bci matematyczno-przyrodniczych, kompetencji&hellip; <a class=\"continue\" href=\"https:\/\/zrozumiecswiat.sosw.bochnia.pl\/index.php\/o-projekcie\/\">Czytaj wi\u0119cej<span> O Projekcie<\/span><\/a><\/p>\n","protected":false},"author":1,"featured_media":0,"parent":0,"menu_order":0,"comment_status":"closed","ping_status":"closed","template":"","meta":{"footnotes":""},"class_list":["post-10","page","type-page","status-publish","hentry"],"yoast_head":"<!-- This site is optimized with the Yoast SEO plugin v27.4 - https:\/\/yoast.com\/product\/yoast-seo-wordpress\/ -->\n<title>O Projekcie - Pozw\u00f3l mi zrozumie\u0107 \u015bwiat<\/title>\n<meta name=\"robots\" content=\"index, follow, max-snippet:-1, max-image-preview:large, max-video-preview:-1\" \/>\n<link rel=\"canonical\" href=\"https:\/\/zrozumiecswiat.sosw.bochnia.pl\/index.php\/o-projekcie\/\" \/>\n<meta property=\"og:locale\" content=\"pl_PL\" \/>\n<meta property=\"og:type\" content=\"article\" \/>\n<meta property=\"og:title\" content=\"O Projekcie - Pozw\u00f3l mi zrozumie\u0107 \u015bwiat\" \/>\n<meta property=\"og:description\" content=\"Cel projektu Celem projektu jest podniesienie w\u015br\u00f3d 40 uczni\u00f3w\/uczennic Szko\u0142y Podstawowej w SOSW w Bochni kompetencji kluczowych i umiej\u0119tno\u015bci uniwersalnych niezb\u0119dnych na rynku pracy tj. kompetencji i umiej\u0119tno\u015bci matematyczno-przyrodniczych, kompetencji&hellip; Czytaj wi\u0119cej O Projekcie\" \/>\n<meta property=\"og:url\" content=\"https:\/\/zrozumiecswiat.sosw.bochnia.pl\/index.php\/o-projekcie\/\" \/>\n<meta property=\"og:site_name\" content=\"Pozw\u00f3l mi zrozumie\u0107 \u015bwiat\" \/>\n<meta property=\"article:modified_time\" content=\"2022-10-20T00:05:44+00:00\" \/>\n<meta name=\"twitter:card\" content=\"summary_large_image\" \/>\n<meta name=\"twitter:label1\" content=\"Szacowany czas czytania\" \/>\n\t<meta name=\"twitter:data1\" content=\"6 minut\" \/>\n<script type=\"application\/ld+json\" class=\"yoast-schema-graph\">{\"@context\":\"https:\\\/\\\/schema.org\",\"@graph\":[{\"@type\":\"WebPage\",\"@id\":\"https:\\\/\\\/zrozumiecswiat.sosw.bochnia.pl\\\/index.php\\\/o-projekcie\\\/\",\"url\":\"https:\\\/\\\/zrozumiecswiat.sosw.bochnia.pl\\\/index.php\\\/o-projekcie\\\/\",\"name\":\"O Projekcie - Pozw\u00f3l mi zrozumie\u0107 \u015bwiat\",\"isPartOf\":{\"@id\":\"https:\\\/\\\/zrozumiecswiat.sosw.bochnia.pl\\\/#website\"},\"datePublished\":\"2022-09-09T19:42:20+00:00\",\"dateModified\":\"2022-10-20T00:05:44+00:00\",\"breadcrumb\":{\"@id\":\"https:\\\/\\\/zrozumiecswiat.sosw.bochnia.pl\\\/index.php\\\/o-projekcie\\\/#breadcrumb\"},\"inLanguage\":\"pl-PL\",\"potentialAction\":[{\"@type\":\"ReadAction\",\"target\":[\"https:\\\/\\\/zrozumiecswiat.sosw.bochnia.pl\\\/index.php\\\/o-projekcie\\\/\"]}]},{\"@type\":\"BreadcrumbList\",\"@id\":\"https:\\\/\\\/zrozumiecswiat.sosw.bochnia.pl\\\/index.php\\\/o-projekcie\\\/#breadcrumb\",\"itemListElement\":[{\"@type\":\"ListItem\",\"position\":1,\"name\":\"Strona g\u0142\u00f3wna\",\"item\":\"https:\\\/\\\/zrozumiecswiat.sosw.bochnia.pl\\\/\"},{\"@type\":\"ListItem\",\"position\":2,\"name\":\"O Projekcie\"}]},{\"@type\":\"WebSite\",\"@id\":\"https:\\\/\\\/zrozumiecswiat.sosw.bochnia.pl\\\/#website\",\"url\":\"https:\\\/\\\/zrozumiecswiat.sosw.bochnia.pl\\\/\",\"name\":\"Pozw\u00f3l mi zrozumie\u0107 \u015bwiat\",\"description\":\"\",\"publisher\":{\"@id\":\"https:\\\/\\\/zrozumiecswiat.sosw.bochnia.pl\\\/#organization\"},\"potentialAction\":[{\"@type\":\"SearchAction\",\"target\":{\"@type\":\"EntryPoint\",\"urlTemplate\":\"https:\\\/\\\/zrozumiecswiat.sosw.bochnia.pl\\\/?s={search_term_string}\"},\"query-input\":{\"@type\":\"PropertyValueSpecification\",\"valueRequired\":true,\"valueName\":\"search_term_string\"}}],\"inLanguage\":\"pl-PL\"},{\"@type\":\"Organization\",\"@id\":\"https:\\\/\\\/zrozumiecswiat.sosw.bochnia.pl\\\/#organization\",\"name\":\"Pozw\u00f3l mi zrozumie\u0107 \u015bwiat\",\"url\":\"https:\\\/\\\/zrozumiecswiat.sosw.bochnia.pl\\\/\",\"logo\":{\"@type\":\"ImageObject\",\"inLanguage\":\"pl-PL\",\"@id\":\"https:\\\/\\\/zrozumiecswiat.sosw.bochnia.pl\\\/#\\\/schema\\\/logo\\\/image\\\/\",\"url\":\"https:\\\/\\\/zrozumiecswiat.sosw.bochnia.pl\\\/wp-content\\\/uploads\\\/2022\\\/09\\\/sosw_right.png\",\"contentUrl\":\"https:\\\/\\\/zrozumiecswiat.sosw.bochnia.pl\\\/wp-content\\\/uploads\\\/2022\\\/09\\\/sosw_right.png\",\"width\":350,\"height\":86,\"caption\":\"Pozw\u00f3l mi zrozumie\u0107 \u015bwiat\"},\"image\":{\"@id\":\"https:\\\/\\\/zrozumiecswiat.sosw.bochnia.pl\\\/#\\\/schema\\\/logo\\\/image\\\/\"}}]}<\/script>\n<!-- \/ Yoast SEO plugin. -->","yoast_head_json":{"title":"O Projekcie - Pozw\u00f3l mi zrozumie\u0107 \u015bwiat","robots":{"index":"index","follow":"follow","max-snippet":"max-snippet:-1","max-image-preview":"max-image-preview:large","max-video-preview":"max-video-preview:-1"},"canonical":"https:\/\/zrozumiecswiat.sosw.bochnia.pl\/index.php\/o-projekcie\/","og_locale":"pl_PL","og_type":"article","og_title":"O Projekcie - Pozw\u00f3l mi zrozumie\u0107 \u015bwiat","og_description":"Cel projektu Celem projektu jest podniesienie w\u015br\u00f3d 40 uczni\u00f3w\/uczennic Szko\u0142y Podstawowej w SOSW w Bochni kompetencji kluczowych i umiej\u0119tno\u015bci uniwersalnych niezb\u0119dnych na rynku pracy tj. kompetencji i umiej\u0119tno\u015bci matematyczno-przyrodniczych, kompetencji&hellip; Czytaj wi\u0119cej O Projekcie","og_url":"https:\/\/zrozumiecswiat.sosw.bochnia.pl\/index.php\/o-projekcie\/","og_site_name":"Pozw\u00f3l mi zrozumie\u0107 \u015bwiat","article_modified_time":"2022-10-20T00:05:44+00:00","twitter_card":"summary_large_image","twitter_misc":{"Szacowany czas czytania":"6 minut"},"schema":{"@context":"https:\/\/schema.org","@graph":[{"@type":"WebPage","@id":"https:\/\/zrozumiecswiat.sosw.bochnia.pl\/index.php\/o-projekcie\/","url":"https:\/\/zrozumiecswiat.sosw.bochnia.pl\/index.php\/o-projekcie\/","name":"O Projekcie - Pozw\u00f3l mi zrozumie\u0107 \u015bwiat","isPartOf":{"@id":"https:\/\/zrozumiecswiat.sosw.bochnia.pl\/#website"},"datePublished":"2022-09-09T19:42:20+00:00","dateModified":"2022-10-20T00:05:44+00:00","breadcrumb":{"@id":"https:\/\/zrozumiecswiat.sosw.bochnia.pl\/index.php\/o-projekcie\/#breadcrumb"},"inLanguage":"pl-PL","potentialAction":[{"@type":"ReadAction","target":["https:\/\/zrozumiecswiat.sosw.bochnia.pl\/index.php\/o-projekcie\/"]}]},{"@type":"BreadcrumbList","@id":"https:\/\/zrozumiecswiat.sosw.bochnia.pl\/index.php\/o-projekcie\/#breadcrumb","itemListElement":[{"@type":"ListItem","position":1,"name":"Strona g\u0142\u00f3wna","item":"https:\/\/zrozumiecswiat.sosw.bochnia.pl\/"},{"@type":"ListItem","position":2,"name":"O Projekcie"}]},{"@type":"WebSite","@id":"https:\/\/zrozumiecswiat.sosw.bochnia.pl\/#website","url":"https:\/\/zrozumiecswiat.sosw.bochnia.pl\/","name":"Pozw\u00f3l mi zrozumie\u0107 \u015bwiat","description":"","publisher":{"@id":"https:\/\/zrozumiecswiat.sosw.bochnia.pl\/#organization"},"potentialAction":[{"@type":"SearchAction","target":{"@type":"EntryPoint","urlTemplate":"https:\/\/zrozumiecswiat.sosw.bochnia.pl\/?s={search_term_string}"},"query-input":{"@type":"PropertyValueSpecification","valueRequired":true,"valueName":"search_term_string"}}],"inLanguage":"pl-PL"},{"@type":"Organization","@id":"https:\/\/zrozumiecswiat.sosw.bochnia.pl\/#organization","name":"Pozw\u00f3l mi zrozumie\u0107 \u015bwiat","url":"https:\/\/zrozumiecswiat.sosw.bochnia.pl\/","logo":{"@type":"ImageObject","inLanguage":"pl-PL","@id":"https:\/\/zrozumiecswiat.sosw.bochnia.pl\/#\/schema\/logo\/image\/","url":"https:\/\/zrozumiecswiat.sosw.bochnia.pl\/wp-content\/uploads\/2022\/09\/sosw_right.png","contentUrl":"https:\/\/zrozumiecswiat.sosw.bochnia.pl\/wp-content\/uploads\/2022\/09\/sosw_right.png","width":350,"height":86,"caption":"Pozw\u00f3l mi zrozumie\u0107 \u015bwiat"},"image":{"@id":"https:\/\/zrozumiecswiat.sosw.bochnia.pl\/#\/schema\/logo\/image\/"}}]}},"_links":{"self":[{"href":"https:\/\/zrozumiecswiat.sosw.bochnia.pl\/index.php\/wp-json\/wp\/v2\/pages\/10","targetHints":{"allow":["GET"]}}],"collection":[{"href":"https:\/\/zrozumiecswiat.sosw.bochnia.pl\/index.php\/wp-json\/wp\/v2\/pages"}],"about":[{"href":"https:\/\/zrozumiecswiat.sosw.bochnia.pl\/index.php\/wp-json\/wp\/v2\/types\/page"}],"author":[{"embeddable":true,"href":"https:\/\/zrozumiecswiat.sosw.bochnia.pl\/index.php\/wp-json\/wp\/v2\/users\/1"}],"replies":[{"embeddable":true,"href":"https:\/\/zrozumiecswiat.sosw.bochnia.pl\/index.php\/wp-json\/wp\/v2\/comments?post=10"}],"version-history":[{"count":9,"href":"https:\/\/zrozumiecswiat.sosw.bochnia.pl\/index.php\/wp-json\/wp\/v2\/pages\/10\/revisions"}],"predecessor-version":[{"id":465,"href":"https:\/\/zrozumiecswiat.sosw.bochnia.pl\/index.php\/wp-json\/wp\/v2\/pages\/10\/revisions\/465"}],"wp:attachment":[{"href":"https:\/\/zrozumiecswiat.sosw.bochnia.pl\/index.php\/wp-json\/wp\/v2\/media?parent=10"}],"curies":[{"name":"wp","href":"https:\/\/api.w.org\/{rel}","templated":true}]}}