{"id":11,"date":"2021-09-10T21:42:00","date_gmt":"2021-09-10T19:42:00","guid":{"rendered":"http:\/\/zrozumiecswiat.sosw.bochnia.pl\/?page_id=11"},"modified":"2022-09-22T01:29:15","modified_gmt":"2022-09-21T23:29:15","slug":"rekrutacja","status":"publish","type":"page","link":"https:\/\/zrozumiecswiat.sosw.bochnia.pl\/index.php\/rekrutacja\/","title":{"rendered":"Rekrutacja"},"content":{"rendered":"<div class=\"wp-block-post-date\"><time datetime=\"2021-09-10T21:42:00+02:00\">2021-09-10<\/time><\/div>\n\n\n<h2 class=\"wp-block-heading\"><span style=\"color:#cf2e2e\" class=\"tadv-color\">REKRUTACJA DO II TURY PROJEKTU<\/span><\/h2>\n\n\n\n<p>Rozpocz\u0119li\u015bmy rekrutacj\u0119 do II tury projektu pn. <strong><span style=\"color:#cf2e2e\" class=\"tadv-color\">\u201ePozw\u00f3l mi zrozumie\u0107 \u015bwiat&#8221;<\/span><\/strong>. Projekt jest wsp\u00f3\u0142finansowany ze \u015brodk\u00f3w Unii Europejskiej w ramach poddzia\u0142ania 10.1.3 Edukacja w szko\u0142ach prowadz\u0105cych kszta\u0142cenie og\u00f3lne Regionalny Program Operacyjny Wojew\u00f3dztwa Ma\u0142opolskiego na lata 2014 &#8211; 2020. Dokumenty rekrutacyjne prosimy sk\u0142ada\u0107 do dnia 08 wrze\u015bnia w sekretariacie Specjalnego O\u015brodka Szkolno-Wychowawczego w Bochni ul. K. Wielkiego 67.<\/p>\n\n\n\n<div class=\"wp-block-file\"><a id=\"wp-block-file--media-e7023a04-2b28-4aca-bd56-0afa8312194f\" href=\"http:\/\/zrozumiecswiat.sosw.bochnia.pl\/wp-content\/uploads\/2022\/09\/regulamin_rekrutacji_Pozwol_mi_zrozumiec_swiat_1.docx\">Regulamin rekrutacji<\/a><a href=\"http:\/\/zrozumiecswiat.sosw.bochnia.pl\/wp-content\/uploads\/2022\/09\/regulamin_rekrutacji_Pozwol_mi_zrozumiec_swiat_1.docx\" class=\"wp-block-file__button\" download aria-describedby=\"wp-block-file--media-e7023a04-2b28-4aca-bd56-0afa8312194f\">Pobierz<\/a><\/div>\n\n\n\n<div class=\"wp-block-file\"><a id=\"wp-block-file--media-279ce4ae-b288-4e5b-b616-21bb5e43cfa6\" href=\"http:\/\/zrozumiecswiat.sosw.bochnia.pl\/wp-content\/uploads\/2022\/09\/Deklaracja-udzialu.docx\">Deklaracja udzia\u0142u<\/a><a href=\"http:\/\/zrozumiecswiat.sosw.bochnia.pl\/wp-content\/uploads\/2022\/09\/Deklaracja-udzialu.docx\" class=\"wp-block-file__button\" download aria-describedby=\"wp-block-file--media-279ce4ae-b288-4e5b-b616-21bb5e43cfa6\">Pobierz<\/a><\/div>\n\n\n\n<div class=\"wp-block-file\"><a id=\"wp-block-file--media-fd6bdabc-699e-4147-9744-07a78a4949bf\" href=\"http:\/\/zrozumiecswiat.sosw.bochnia.pl\/wp-content\/uploads\/2022\/09\/Oswiadczenia-i-zgody.docx\">Oswiadczenia i zgody<\/a><a href=\"http:\/\/zrozumiecswiat.sosw.bochnia.pl\/wp-content\/uploads\/2022\/09\/Oswiadczenia-i-zgody.docx\" class=\"wp-block-file__button\" download aria-describedby=\"wp-block-file--media-fd6bdabc-699e-4147-9744-07a78a4949bf\">Pobierz<\/a><\/div>\n\n\n\n<div class=\"wp-block-file\"><a id=\"wp-block-file--media-6052a0ce-d11f-4421-aa94-5555cd813d61\" href=\"http:\/\/zrozumiecswiat.sosw.bochnia.pl\/wp-content\/uploads\/2022\/09\/Kwestionariusz-osobowy.docx\">Kwestionariusz osobowy<\/a><a href=\"http:\/\/zrozumiecswiat.sosw.bochnia.pl\/wp-content\/uploads\/2022\/09\/Kwestionariusz-osobowy.docx\" class=\"wp-block-file__button\" download aria-describedby=\"wp-block-file--media-6052a0ce-d11f-4421-aa94-5555cd813d61\">Pobierz<\/a><\/div>\n\n\n\n<div style=\"height:33px\" aria-hidden=\"true\" class=\"wp-block-spacer\"><\/div>\n\n\n<div class=\"wp-block-post-date\"><time datetime=\"2021-09-10T21:42:00+02:00\">2021-09-10<\/time><\/div>\n\n\n<h2 class=\"wp-block-heading\"><span style=\"color:#cf2e2e\" class=\"tadv-color\">WYNIKI REKRUTACJI DO II TURY PROJEKTU<\/span><\/h2>\n\n\n\n<p>W dniu 10.09.2021 r. w Specjalnym O\u015brodku Szkolno \u2013 Wychowawczym im. ks. J. Twardowskiego w Bochni Komisja Rekrutacyjna dokona\u0142a weryfikacji z\u0142o\u017conych dokument\u00f3w i wyboru Uczestnik\u00f3w Projektu do zaj\u0119\u0107 prowadzanych w roku 2021\/2022, zgodnie z kryteriami okre\u015blonymi w Regulaminie Rekrutacji Uczestnik\u00f3w Projektu.<\/p>\n\n\n\n<ol class=\"wp-block-list\"><li>Do dnia 08 wrze\u015bnia 2021 r &#8211; ostatecznego terminu sk\u0142adania dokument\u00f3w wp\u0142yn\u0119\u0142o 24 zg\u0142osze\u0144 (8 dziewcz\u0105t i 16 ch\u0142opc\u00f3w). Na podstawie \u00a7 4 pkt.4. Regulaminu Rekrutacji i Udzia\u0142u w Projekcie rekrutacji dokonano w oparciu o kryteria obligatoryjne (uczniowie dobrowolnie wyrazili ch\u0119\u0107 uczestnictwa w projekcie).<\/li><li>Wszyscy uczniowie zakwalifikowani zostali do udzia\u0142u w projekcie w oparciu o nast\u0119puj\u0105ce kryteria:<\/li><\/ol>\n\n\n\n<div style=\"height:0px\" aria-hidden=\"true\" class=\"wp-block-spacer\"><\/div>\n\n\n\n<ul class=\"wp-block-list\"><li>posiadaj\u0105 status ucznia Szko\u0142y Podstawowej Specjalnej w SOSW w Bochni,<\/li><li>posiadaj\u0105 orzeczenie o potrzebie kszta\u0142cenia specjalnego,<\/li><li>rodzic wyrazi\u0142 zgod\u0119 na udzia\u0142 dziecka w projekcie i zak\u0142adanych formach wsparcia wyra\u017cona w postaci o\u015bwiadczenia,<\/li><li>uczniowie mieszkaj\u0105 na terenie wojew\u00f3dztwa ma\u0142opolskiego (po\u015bwiadczone w formie o\u015bwiadczenia),<\/li><li>z\u0142o\u017cyli dokumenty rekrutacyjne.<\/li><\/ul>\n\n\n\n<hr class=\"wp-block-separator has-alpha-channel-opacity\"\/>\n\n\n\n<div style=\"height:17px\" aria-hidden=\"true\" class=\"wp-block-spacer\"><\/div>\n\n\n<div class=\"wp-block-post-date\"><time datetime=\"2021-09-10T21:42:00+02:00\">2021-09-10<\/time><\/div>\n\n\n<h2 class=\"wp-block-heading\"><span style=\"color:#cf2e2e\" class=\"tadv-color\">REKRUTACJA DO I TURY PROJEKTU<\/span><\/h2>\n\n\n\n<p>Rozpocz\u0119li\u015bmy rekrutacj\u0119 do I tury projektu pn. <strong><span style=\"color:#cf2e2e\" class=\"tadv-color\">\u201ePozw\u00f3l mi zrozumie\u0107 \u015bwiat&#8221;<\/span><\/strong>. Projekt jest wsp\u00f3\u0142finansowany ze \u015brodk\u00f3w Unii Europejskiej w ramach poddzia\u0142ania 10.1.3 Edukacja w szko\u0142ach prowadz\u0105cych kszta\u0142cenie og\u00f3lne Regionalny Program Operacyjnego Wojew\u00f3dztwa Ma\u0142opolskiego na lata 2014-2020.<\/p>\n\n\n<p><strong>Projekt b\u0119dzie realizowany do 31 sierpnia 2022 r.<\/strong> Jego celem jest podniesienie w\u015br\u00f3d 40 uczni\u00f3w Szko\u0142y Podstawowej Specjalnej w SOSW w Bochni kompetencji kluczowych i umiej\u0119tno\u015bci uniwersalnych niezb\u0119dnych na rynku pracy tj. kompetencji i umiej\u0119tno\u015bci matematyczno-przyrodniczych, kompetencji informatycznych oraz kompetencji emocjonalno-spo\u0142ecznych poprzez prowadzenie dodatkowych i specjalistycznych zaj\u0119\u0107 dostosowanych do indywidualnych mo\u017cliwo\u015bci i potrzeb uczni\u00f3w. Uzupe\u0142nieniem prowadzonych dzia\u0142a\u0144 b\u0119dzie doposa\u017cenie pracowni TIK, utworzenie i wyposa\u017cenie mi\u0119dzyszkolnego laboratorium matematyczno-przyrodniczego, mi\u0119dzyszkolnej pracowni arteterapii i rozwoju osobowo\u015bci, doposa\u017cenie istniej\u0105cej pracowni gospodarstwa domowego oraz zakup materia\u0142\u00f3w i pomocy dydaktycznych do prowadzenia terapii uczni\u00f3w.<\/p>\n<p>W Projekcie mo\u017ce uczestniczy\u0107 co najmniej 56 dzieci i m\u0142odzie\u017cy w wieku szkolnym, zamieszkuj\u0105cych w rozumieniu kodeksu cywilnego na terenie wojew\u00f3dztwa ma\u0142opolskiego ucz\u0119szczaj\u0105cych do szko\u0142y podstawowej w SOSW w Bochni. Oferowane dla nich wsparcie obejmuje zakup wyposa\u017cenia i dodatkowe zaj\u0119cia pozalekcyjne.<\/p>\n<p>Zakup wyposa\u017cenia dla Szko\u0142y Podstawowej w Specjalnym O\u015brodku Szkolno \u2013 Wychowawczym im. ks. J. Twardowskiego w Bochni obejmuje:<\/p>\n<ul>\n<li>utworzenie i wyposa\u017cenie mi\u0119dzyszkolnego laboratorium matematyczno-przyrodniczego,<\/li>\n<li>wyposa\u017cenie pracowni TIK,<\/li>\n<li>utworzenie i wyposa\u017cenie mi\u0119dzyszkolnej pracowni arteterapii i rozwoju osobowo\u015bci,<\/li>\n<li>zakup pomocy dydaktycznych i sprz\u0119tu do prowadzenia muzykoterapii uczni\u00f3w,<\/li>\n<li>zakup materia\u0142\u00f3w\/pomocy dydaktycznych oraz sprz\u0119tu do prowadzenia teatroterapii uczni\u00f3w,<\/li>\n<li>wyposa\u017cenie pracowni gospodarstwa domowego,<\/li>\n<li>materia\u0142y dydaktyczne do prowadzenia zaj\u0119\u0107.<\/li>\n<\/ul>\n<p>Dodatkowe zaj\u0119cia dydaktyczne, terapeutyczne i specjalistyczne b\u0119d\u0105 prowadzone z wykorzystaniem metod aktywizuj\u0105cych, z wykorzystaniem otwartych zasob\u00f3w edukacyjnych i narz\u0119dzi TIK. Ucze\u0144\/uczennica b\u0119dzie uczestniczy\u0107 w zaj\u0119ciach do czasu wyr\u00f3wnania deficyt\u00f3w; grupa b\u0119dzie sk\u0142ada\u0107 si\u0119 z od 5 do 8 uczni\u00f3w.<\/p>\n<h3><span style=\"color: #000000;\">Zad. 1: Zaj\u0119cia rozwijaj\u0105ce kompetencje matematyczno-przyrodnicze &#8211; zaj\u0119cia dla uczni\u00f3w z r\u00f3\u017cnymi rodzajami niepe\u0142nosprawno\u015bci intelektualnej w klasach I-VIII<\/span><\/h3>\n<p>Rok szkolny 2020\/2021<\/p>\n<ul>\n<li>zaj\u0119cia matematyczno \u2013 przyrodnicze (4 grupy po 7 os\u00f3b) \u2013 180 godzin,<\/li>\n<li>wycieczka edukacyjna do Warszawy \u2013 28 uczestnik\u00f3w (zaj\u0119cia i warsztaty Centrum Nauki Kopernika, Planetarium i Narodowe Muzeum Techniki),<\/li>\n<li>wycieczka edukacyjna do Krakowa &#8211; 28 uczestnik\u00f3w (zaj\u0119cia w Ogrodzie Do\u015bwiadcze\u0144),<\/li>\n<li>wycieczka edukacyjna do Wroc\u0142awia &#8211; 28 uczestnik\u00f3w (zaj\u0119cia w Hydropolis oraz w Oceanarium).Rok szkolny 2021\/2022<\/li>\n<li>zaj\u0119cia dydaktyczne matematyczno \u2013 przyrodnicze (4 grupy po 7 os\u00f3b) \u2013 180 godzin,<\/li>\n<li>wycieczka edukacyjna do Warszawy \u2013 28 uczestnik\u00f3w (zaj\u0119cia i warsztaty Centrum Nauki Kopernika, Planetarium i Narodowe Muzeum Techniki),<\/li>\n<li>wycieczka edukacyjna do Krakowa &#8211; 28 uczestnik\u00f3w (zaj\u0119cia w Ogrodzie Do\u015bwiadcze\u0144),<\/li>\n<li>wycieczka edukacyjna do Wroc\u0142awia &#8211; 28 uczestnik\u00f3w (zaj\u0119cia w Hydropolis oraz w Oceanarium).<\/li>\n<\/ul>\n<h3><span style=\"color: #000000;\">Zad. 2: Zaj\u0119cia rozwijaj\u0105ce zainteresowanie technologi\u0105 informacyjn\u0105 i IT &#8211; zaj\u0119cia dla uczni\u00f3w z r\u00f3\u017cnymi rodzajami niepe\u0142nosprawno\u015bci intelektualnej w klasach I-VIII<\/span><\/h3>\n<p><span style=\"color: #000000;\">Rok szkolny 2020\/2021<\/span><\/p>\n<ul>\n<li><span style=\"color: #000000;\">zaj\u0119cia dydaktyczne z informatyki (1 grupa po 8 os\u00f3b) \u2013 115 godzin,<\/span><\/li>\n<\/ul>\n<p><span style=\"color: #000000;\">Rok szkolny 2021\/2022<\/span><\/p>\n<ul>\n<li><span style=\"color: #000000;\">zaj\u0119cia dydaktyczne z informatyki (1 grupa po 8 os\u00f3b) \u2013 115 godzin.<\/span><\/li>\n<\/ul>\n<h3><span style=\"color: #000000;\">Zad. 3: Arteterapia &#8211; zaj\u0119cia dla uczni\u00f3w z r\u00f3\u017cnymi rodzajami niepe\u0142nosprawno\u015bci intelektualnej w klasach od IV do VIII<\/span><\/h3>\n<p>Rok szkolny 2020\/2021<\/p>\n<ul>\n<li>zaj\u0119cia rewalidacyjne z arteterapii (1 grupa po 5 os\u00f3b) \u2013 120 godzin,<\/li>\n<\/ul>\n<p>Rok szkolny 2021\/2022<\/p>\n<ul>\n<li>zaj\u0119cia rewalidacyjne z arteterapii (1 grupa po 5 os\u00f3b) \u2013 120 godzin.<\/li>\n<\/ul>\n<h3><span style=\"color: #000000;\">Zad. 4: Muzykoterapia &#8211; zaj\u0119cia dla uczni\u00f3w z r\u00f3\u017cnymi rodzajami niepe\u0142nosprawno\u015bci intelektualnej w klasach IV -VIII<\/span><\/h3>\n<p>Rok szkolny 2020\/2021<\/p>\n<ul>\n<li>zaj\u0119cia rewalidacyjne z muzykoterapii (1 grupa po 8 os\u00f3b) \u2013 100 godzin,<\/li>\n<\/ul>\n<p>Rok szkolny 2021\/2022<\/p>\n<ul>\n<li>zaj\u0119cia rewalidacyjne z muzykoterapii (1 grupa po 8 os\u00f3b) \u2013 100 godzin.<\/li>\n<\/ul>\n<h3><span style=\"color: #000000;\">Zad. 5: Teatroterapia &#8211; zaj\u0119cia dla uczni\u00f3w z r\u00f3\u017cnymi rodzajami niepe\u0142nosprawno\u015bci intelektualnej ucz\u0105cych si\u0119 w klasach od IV -VIII<\/span><\/h3>\n<p>Rok szkolny 2020\/2021<\/p>\n<ul>\n<li>zaj\u0119cia terapeutyczne (1 grupa po 8 os\u00f3b) \u2013 160 godzin,<\/li>\n<\/ul>\n<p>Rok szkolny 2021\/2022<\/p>\n<ul>\n<li>zaj\u0119cia terapeutyczne (1 grupa po 8 os\u00f3b) \u2013 160 godzin.<\/li>\n<\/ul>\n<h3><span style=\"color: #000000;\">Zad. 6: Zaj\u0119cia rozwijaj\u0105ce zaradno\u015b\u0107 osobist\u0105, prowadzone metod\u0105 ergoterapii &#8211; zaj\u0119cia dla uczni\u00f3w niepe\u0142nosprawnych intelektualnie w stopniu umiarkowanym i znacznym, ucz\u0105cych si\u0119 w klasach od IV do VIII<\/span><\/h3>\n<p>Rok szkolny 2020\/2021<\/p>\n<ul>\n<li>zaj\u0119cia dydaktyczne (1 grupa po 5 os\u00f3b) \u2013 120 godzin,<\/li>\n<\/ul>\n<p>Rok szkolny 2021\/2022<\/p>\n<ul>\n<li>zaj\u0119cia dydaktyczne (1 grupa po 5 os\u00f3b) \u2013 120 godzin.<\/li>\n<\/ul>\n<h3><span style=\"color: #000000;\">Zad. 7: Socjoterapia &#8211; zaj\u0119cia dla uczni\u00f3w z r\u00f3\u017cnymi niepe\u0142nosprawno\u015bciami intelektualnymi w klasach od IV-VIII<\/span><\/h3>\n<p>Rok szkolny 2020\/2021<\/p>\n<ul>\n<li>zaj\u0119cia specjalistyczne (3 grupy po 5 os\u00f3b) \u2013 105 godzin,<\/li>\n<\/ul>\n<p>Rok szkolny 2021\/2022<\/p>\n<ul>\n<li>zaj\u0119cia specjalistyczne (3 grupy po 5 os\u00f3b) \u2013 105 godzin<\/li>\n<\/ul>\n<p><strong>Wi\u0119cej informacji w za\u0142\u0105cznikach poni\u017cej:<\/strong><\/p>\n\n\n<div class=\"wp-block-file\"><a id=\"wp-block-file--media-65d6ab35-c52a-43a2-a239-7a7ed56004fd\" href=\"http:\/\/zrozumiecswiat.sosw.bochnia.pl\/wp-content\/uploads\/2022\/09\/regulamin_rekrutacji_Pozwol_mi_zrozumiec_swiat_1.docx\">Regulamin rekrutacji<\/a><a href=\"http:\/\/zrozumiecswiat.sosw.bochnia.pl\/wp-content\/uploads\/2022\/09\/regulamin_rekrutacji_Pozwol_mi_zrozumiec_swiat_1.docx\" class=\"wp-block-file__button\" download aria-describedby=\"wp-block-file--media-65d6ab35-c52a-43a2-a239-7a7ed56004fd\">Pobierz<\/a><\/div>\n\n\n\n<div class=\"wp-block-file\"><a id=\"wp-block-file--media-b8a4aa73-842f-410a-b508-236c456649e0\" href=\"http:\/\/zrozumiecswiat.sosw.bochnia.pl\/wp-content\/uploads\/2022\/09\/Deklaracja-udzialu.docx\">Deklaracja udzia\u0142u<\/a><a href=\"http:\/\/zrozumiecswiat.sosw.bochnia.pl\/wp-content\/uploads\/2022\/09\/Deklaracja-udzialu.docx\" class=\"wp-block-file__button\" download aria-describedby=\"wp-block-file--media-b8a4aa73-842f-410a-b508-236c456649e0\">Pobierz<\/a><\/div>\n\n\n\n<div class=\"wp-block-file\"><a id=\"wp-block-file--media-9340f4a0-ab51-4b78-ac45-f6166b0b7543\" href=\"http:\/\/zrozumiecswiat.sosw.bochnia.pl\/wp-content\/uploads\/2022\/09\/Kwestionariusz-osobowy.docx\">Kwestionariusz osobowy<\/a><a href=\"http:\/\/zrozumiecswiat.sosw.bochnia.pl\/wp-content\/uploads\/2022\/09\/Kwestionariusz-osobowy.docx\" class=\"wp-block-file__button\" download aria-describedby=\"wp-block-file--media-9340f4a0-ab51-4b78-ac45-f6166b0b7543\">Pobierz<\/a><\/div>\n\n\n\n<div class=\"wp-block-file\"><a id=\"wp-block-file--media-ca0da5a0-06bc-46f4-a0b7-3b1f73ebea78\" href=\"http:\/\/zrozumiecswiat.sosw.bochnia.pl\/wp-content\/uploads\/2022\/09\/Oswiadczenia-i-zgody.docx\">Oswiadczenia i zgody<\/a><a href=\"http:\/\/zrozumiecswiat.sosw.bochnia.pl\/wp-content\/uploads\/2022\/09\/Oswiadczenia-i-zgody.docx\" class=\"wp-block-file__button\" download aria-describedby=\"wp-block-file--media-ca0da5a0-06bc-46f4-a0b7-3b1f73ebea78\">Pobierz<\/a><\/div>\n\n\n\n<div style=\"height:48px\" aria-hidden=\"true\" class=\"wp-block-spacer\"><\/div>\n\n\n<div class=\"wp-block-post-date\"><time datetime=\"2021-09-10T21:42:00+02:00\">2021-09-10<\/time><\/div>\n\n\n<h2 class=\"wp-block-heading\">WYNIKI REKRUTACJI DO I TURY PROJEKTU<\/h2>\n\n\n<p>W dniu 10.09.2020 r. w Specjalnym O\u015brodku Szkolno \u2013 Wychowawczym im. ks. J. Twardowskiego w Bochni Komisja Rekrutacyjna dokona\u0142a weryfikacji z\u0142o\u017conych dokument\u00f3w i wyboru Uczestnik\u00f3w Projektu do zaj\u0119\u0107 prowadzanych w roku 2020\/2021, zgodnie z kryteriami okre\u015blonymi w Regulaminie Rekrutacji Uczestnik\u00f3w Projektu.<\/p>\n<ol>\n<li>Do dnia 08 wrze\u015bnia 2020 r. &#8211; ostatecznego terminu sk\u0142adania dokument\u00f3w wp\u0142yn\u0119\u0142o 44 zg\u0142osze\u0144 (20 dziewcz\u0105t i 24 ch\u0142opc\u00f3w). Na podstawie \u00a7 4 pkt.4. Regulaminu Rekrutacji i Udzia\u0142u w Projekcie rekrutacji dokonano w oparciu o kryteria obligatoryjne (uczniowie dobrowolnie wyrazili ch\u0119\u0107 uczestnictwa w projekcie).<\/li>\n<li>Wszyscy uczniowie zakwalifikowani zostali do udzia\u0142u w projekcie w oparciu o nast\u0119puj\u0105ce kryteria:<\/li>\n<\/ol>\n<ul>\n<li>posiadaj\u0105 status ucznia Szko\u0142y Podstawowej Specjalnej w SOSW w Bochni,<\/li>\n<li>posiadaj\u0105 orzeczenie o potrzebie kszta\u0142cenia specjalnego,<\/li>\n<li>rodzic wyrazi\u0142 zgod\u0119 na udzia\u0142 dziecka w projekcie i zak\u0142adanych formach wsparcia wyra\u017cona w postaci o\u015bwiadczenia,<\/li>\n<li>uczniowie mieszkaj\u0105 na terenie wojew\u00f3dztwa ma\u0142opolskiego (po\u015bwiadczone w formie o\u015bwiadczenia),<\/li>\n<li>z\u0142o\u017cyli dokumenty rekrutacyjne.<\/li>\n<\/ul>\n\n\n<div class=\"wp-block-buttons is-layout-flex wp-container-core-buttons-is-layout-a74382ec wp-block-buttons-is-layout-flex\"><\/div>\n","protected":false},"excerpt":{"rendered":"<p>REKRUTACJA DO II TURY PROJEKTU Rozpocz\u0119li\u015bmy rekrutacj\u0119 do II tury projektu pn. \u201ePozw\u00f3l mi zrozumie\u0107 \u015bwiat&#8221;. Projekt jest wsp\u00f3\u0142finansowany ze \u015brodk\u00f3w Unii Europejskiej w ramach poddzia\u0142ania 10.1.3 Edukacja w szko\u0142ach&hellip; <a class=\"continue\" href=\"https:\/\/zrozumiecswiat.sosw.bochnia.pl\/index.php\/rekrutacja\/\">Czytaj wi\u0119cej<span> Rekrutacja<\/span><\/a><\/p>\n","protected":false},"author":1,"featured_media":0,"parent":0,"menu_order":0,"comment_status":"closed","ping_status":"closed","template":"","meta":{"footnotes":""},"class_list":["post-11","page","type-page","status-publish","hentry"],"yoast_head":"<!-- This site is optimized with the Yoast SEO plugin v27.4 - https:\/\/yoast.com\/product\/yoast-seo-wordpress\/ -->\n<title>Rekrutacja - Pozw\u00f3l mi zrozumie\u0107 \u015bwiat<\/title>\n<meta name=\"robots\" content=\"index, follow, max-snippet:-1, max-image-preview:large, max-video-preview:-1\" \/>\n<link rel=\"canonical\" href=\"https:\/\/zrozumiecswiat.sosw.bochnia.pl\/index.php\/rekrutacja\/\" \/>\n<meta property=\"og:locale\" content=\"pl_PL\" \/>\n<meta property=\"og:type\" content=\"article\" \/>\n<meta property=\"og:title\" content=\"Rekrutacja - Pozw\u00f3l mi zrozumie\u0107 \u015bwiat\" \/>\n<meta property=\"og:description\" content=\"REKRUTACJA DO II TURY PROJEKTU Rozpocz\u0119li\u015bmy rekrutacj\u0119 do II tury projektu pn. \u201ePozw\u00f3l mi zrozumie\u0107 \u015bwiat&#8221;. Projekt jest wsp\u00f3\u0142finansowany ze \u015brodk\u00f3w Unii Europejskiej w ramach poddzia\u0142ania 10.1.3 Edukacja w szko\u0142ach&hellip; Czytaj wi\u0119cej Rekrutacja\" \/>\n<meta property=\"og:url\" content=\"https:\/\/zrozumiecswiat.sosw.bochnia.pl\/index.php\/rekrutacja\/\" \/>\n<meta property=\"og:site_name\" content=\"Pozw\u00f3l mi zrozumie\u0107 \u015bwiat\" \/>\n<meta property=\"article:modified_time\" content=\"2022-09-21T23:29:15+00:00\" \/>\n<meta name=\"twitter:card\" content=\"summary_large_image\" \/>\n<meta name=\"twitter:label1\" content=\"Szacowany czas czytania\" \/>\n\t<meta name=\"twitter:data1\" content=\"7 minut\" \/>\n<script type=\"application\/ld+json\" class=\"yoast-schema-graph\">{\"@context\":\"https:\\\/\\\/schema.org\",\"@graph\":[{\"@type\":\"WebPage\",\"@id\":\"https:\\\/\\\/zrozumiecswiat.sosw.bochnia.pl\\\/index.php\\\/rekrutacja\\\/\",\"url\":\"https:\\\/\\\/zrozumiecswiat.sosw.bochnia.pl\\\/index.php\\\/rekrutacja\\\/\",\"name\":\"Rekrutacja - Pozw\u00f3l mi zrozumie\u0107 \u015bwiat\",\"isPartOf\":{\"@id\":\"https:\\\/\\\/zrozumiecswiat.sosw.bochnia.pl\\\/#website\"},\"datePublished\":\"2021-09-10T19:42:00+00:00\",\"dateModified\":\"2022-09-21T23:29:15+00:00\",\"breadcrumb\":{\"@id\":\"https:\\\/\\\/zrozumiecswiat.sosw.bochnia.pl\\\/index.php\\\/rekrutacja\\\/#breadcrumb\"},\"inLanguage\":\"pl-PL\",\"potentialAction\":[{\"@type\":\"ReadAction\",\"target\":[\"https:\\\/\\\/zrozumiecswiat.sosw.bochnia.pl\\\/index.php\\\/rekrutacja\\\/\"]}]},{\"@type\":\"BreadcrumbList\",\"@id\":\"https:\\\/\\\/zrozumiecswiat.sosw.bochnia.pl\\\/index.php\\\/rekrutacja\\\/#breadcrumb\",\"itemListElement\":[{\"@type\":\"ListItem\",\"position\":1,\"name\":\"Strona g\u0142\u00f3wna\",\"item\":\"https:\\\/\\\/zrozumiecswiat.sosw.bochnia.pl\\\/\"},{\"@type\":\"ListItem\",\"position\":2,\"name\":\"Rekrutacja\"}]},{\"@type\":\"WebSite\",\"@id\":\"https:\\\/\\\/zrozumiecswiat.sosw.bochnia.pl\\\/#website\",\"url\":\"https:\\\/\\\/zrozumiecswiat.sosw.bochnia.pl\\\/\",\"name\":\"Pozw\u00f3l mi zrozumie\u0107 \u015bwiat\",\"description\":\"\",\"publisher\":{\"@id\":\"https:\\\/\\\/zrozumiecswiat.sosw.bochnia.pl\\\/#organization\"},\"potentialAction\":[{\"@type\":\"SearchAction\",\"target\":{\"@type\":\"EntryPoint\",\"urlTemplate\":\"https:\\\/\\\/zrozumiecswiat.sosw.bochnia.pl\\\/?s={search_term_string}\"},\"query-input\":{\"@type\":\"PropertyValueSpecification\",\"valueRequired\":true,\"valueName\":\"search_term_string\"}}],\"inLanguage\":\"pl-PL\"},{\"@type\":\"Organization\",\"@id\":\"https:\\\/\\\/zrozumiecswiat.sosw.bochnia.pl\\\/#organization\",\"name\":\"Pozw\u00f3l mi zrozumie\u0107 \u015bwiat\",\"url\":\"https:\\\/\\\/zrozumiecswiat.sosw.bochnia.pl\\\/\",\"logo\":{\"@type\":\"ImageObject\",\"inLanguage\":\"pl-PL\",\"@id\":\"https:\\\/\\\/zrozumiecswiat.sosw.bochnia.pl\\\/#\\\/schema\\\/logo\\\/image\\\/\",\"url\":\"https:\\\/\\\/zrozumiecswiat.sosw.bochnia.pl\\\/wp-content\\\/uploads\\\/2022\\\/09\\\/sosw_right.png\",\"contentUrl\":\"https:\\\/\\\/zrozumiecswiat.sosw.bochnia.pl\\\/wp-content\\\/uploads\\\/2022\\\/09\\\/sosw_right.png\",\"width\":350,\"height\":86,\"caption\":\"Pozw\u00f3l mi zrozumie\u0107 \u015bwiat\"},\"image\":{\"@id\":\"https:\\\/\\\/zrozumiecswiat.sosw.bochnia.pl\\\/#\\\/schema\\\/logo\\\/image\\\/\"}}]}<\/script>\n<!-- \/ Yoast SEO plugin. -->","yoast_head_json":{"title":"Rekrutacja - Pozw\u00f3l mi zrozumie\u0107 \u015bwiat","robots":{"index":"index","follow":"follow","max-snippet":"max-snippet:-1","max-image-preview":"max-image-preview:large","max-video-preview":"max-video-preview:-1"},"canonical":"https:\/\/zrozumiecswiat.sosw.bochnia.pl\/index.php\/rekrutacja\/","og_locale":"pl_PL","og_type":"article","og_title":"Rekrutacja - Pozw\u00f3l mi zrozumie\u0107 \u015bwiat","og_description":"REKRUTACJA DO II TURY PROJEKTU Rozpocz\u0119li\u015bmy rekrutacj\u0119 do II tury projektu pn. \u201ePozw\u00f3l mi zrozumie\u0107 \u015bwiat&#8221;. Projekt jest wsp\u00f3\u0142finansowany ze \u015brodk\u00f3w Unii Europejskiej w ramach poddzia\u0142ania 10.1.3 Edukacja w szko\u0142ach&hellip; Czytaj wi\u0119cej Rekrutacja","og_url":"https:\/\/zrozumiecswiat.sosw.bochnia.pl\/index.php\/rekrutacja\/","og_site_name":"Pozw\u00f3l mi zrozumie\u0107 \u015bwiat","article_modified_time":"2022-09-21T23:29:15+00:00","twitter_card":"summary_large_image","twitter_misc":{"Szacowany czas czytania":"7 minut"},"schema":{"@context":"https:\/\/schema.org","@graph":[{"@type":"WebPage","@id":"https:\/\/zrozumiecswiat.sosw.bochnia.pl\/index.php\/rekrutacja\/","url":"https:\/\/zrozumiecswiat.sosw.bochnia.pl\/index.php\/rekrutacja\/","name":"Rekrutacja - Pozw\u00f3l mi zrozumie\u0107 \u015bwiat","isPartOf":{"@id":"https:\/\/zrozumiecswiat.sosw.bochnia.pl\/#website"},"datePublished":"2021-09-10T19:42:00+00:00","dateModified":"2022-09-21T23:29:15+00:00","breadcrumb":{"@id":"https:\/\/zrozumiecswiat.sosw.bochnia.pl\/index.php\/rekrutacja\/#breadcrumb"},"inLanguage":"pl-PL","potentialAction":[{"@type":"ReadAction","target":["https:\/\/zrozumiecswiat.sosw.bochnia.pl\/index.php\/rekrutacja\/"]}]},{"@type":"BreadcrumbList","@id":"https:\/\/zrozumiecswiat.sosw.bochnia.pl\/index.php\/rekrutacja\/#breadcrumb","itemListElement":[{"@type":"ListItem","position":1,"name":"Strona g\u0142\u00f3wna","item":"https:\/\/zrozumiecswiat.sosw.bochnia.pl\/"},{"@type":"ListItem","position":2,"name":"Rekrutacja"}]},{"@type":"WebSite","@id":"https:\/\/zrozumiecswiat.sosw.bochnia.pl\/#website","url":"https:\/\/zrozumiecswiat.sosw.bochnia.pl\/","name":"Pozw\u00f3l mi zrozumie\u0107 \u015bwiat","description":"","publisher":{"@id":"https:\/\/zrozumiecswiat.sosw.bochnia.pl\/#organization"},"potentialAction":[{"@type":"SearchAction","target":{"@type":"EntryPoint","urlTemplate":"https:\/\/zrozumiecswiat.sosw.bochnia.pl\/?s={search_term_string}"},"query-input":{"@type":"PropertyValueSpecification","valueRequired":true,"valueName":"search_term_string"}}],"inLanguage":"pl-PL"},{"@type":"Organization","@id":"https:\/\/zrozumiecswiat.sosw.bochnia.pl\/#organization","name":"Pozw\u00f3l mi zrozumie\u0107 \u015bwiat","url":"https:\/\/zrozumiecswiat.sosw.bochnia.pl\/","logo":{"@type":"ImageObject","inLanguage":"pl-PL","@id":"https:\/\/zrozumiecswiat.sosw.bochnia.pl\/#\/schema\/logo\/image\/","url":"https:\/\/zrozumiecswiat.sosw.bochnia.pl\/wp-content\/uploads\/2022\/09\/sosw_right.png","contentUrl":"https:\/\/zrozumiecswiat.sosw.bochnia.pl\/wp-content\/uploads\/2022\/09\/sosw_right.png","width":350,"height":86,"caption":"Pozw\u00f3l mi zrozumie\u0107 \u015bwiat"},"image":{"@id":"https:\/\/zrozumiecswiat.sosw.bochnia.pl\/#\/schema\/logo\/image\/"}}]}},"_links":{"self":[{"href":"https:\/\/zrozumiecswiat.sosw.bochnia.pl\/index.php\/wp-json\/wp\/v2\/pages\/11","targetHints":{"allow":["GET"]}}],"collection":[{"href":"https:\/\/zrozumiecswiat.sosw.bochnia.pl\/index.php\/wp-json\/wp\/v2\/pages"}],"about":[{"href":"https:\/\/zrozumiecswiat.sosw.bochnia.pl\/index.php\/wp-json\/wp\/v2\/types\/page"}],"author":[{"embeddable":true,"href":"https:\/\/zrozumiecswiat.sosw.bochnia.pl\/index.php\/wp-json\/wp\/v2\/users\/1"}],"replies":[{"embeddable":true,"href":"https:\/\/zrozumiecswiat.sosw.bochnia.pl\/index.php\/wp-json\/wp\/v2\/comments?post=11"}],"version-history":[{"count":11,"href":"https:\/\/zrozumiecswiat.sosw.bochnia.pl\/index.php\/wp-json\/wp\/v2\/pages\/11\/revisions"}],"predecessor-version":[{"id":442,"href":"https:\/\/zrozumiecswiat.sosw.bochnia.pl\/index.php\/wp-json\/wp\/v2\/pages\/11\/revisions\/442"}],"wp:attachment":[{"href":"https:\/\/zrozumiecswiat.sosw.bochnia.pl\/index.php\/wp-json\/wp\/v2\/media?parent=11"}],"curies":[{"name":"wp","href":"https:\/\/api.w.org\/{rel}","templated":true}]}}