{"id":12,"date":"2022-09-09T21:42:20","date_gmt":"2022-09-09T19:42:20","guid":{"rendered":"http:\/\/zrozumiecswiat.sosw.bochnia.pl\/?page_id=12"},"modified":"2022-10-20T02:00:37","modified_gmt":"2022-10-20T00:00:37","slug":"start","status":"publish","type":"page","link":"https:\/\/zrozumiecswiat.sosw.bochnia.pl\/","title":{"rendered":"Start"},"content":{"rendered":"<h2>Zako\u0144czenie projektu<\/h2>\n<h3>Dobieg\u0142 ko\u0144ca, realizowany od 1 wrze\u015bnia 2020 roku projekt pn. <span style=\"color: #870800;\">&#8222;Pozw\u00f3l mi zrozumie\u0107 \u015bwiat&#8221;<\/span>, wsp\u00f3\u0142finansowany ze \u015brodk\u00f3w Unii Europejskiej w ramach Regionalnego Programu Operacyjnego Wojew\u00f3dztwa Ma\u0142opolskiego na lata 2014-2020.<\/h3>\n<p>W wyniku realizacji projektu 68 uczni\u00f3w szko\u0142y podstawowej podnios\u0142o kompetencje kluczowe i umiej\u0119tno\u015bci uniwersalne niezb\u0119dne na rynku pracy tj. kompetencje i umiej\u0119tno\u015bci matematyczno-przyrodnicze, kompetencje informacyjne oraz kompetencje emocjonalno-spo\u0142eczne.<\/p>\n<p>Uczestnicy projektu brali udzia\u0142 w zaj\u0119ciach rozwijaj\u0105cych oraz specjalistycznych, dostosowanych do ich specyficznych potrzeb.<\/p>\n<h4>Uzupe\u0142nieniem prowadzonych dzia\u0142a\u0144 by\u0142o:<\/h4>\n<ul>\n<li>doposa\u017cenie pracowni TIK,<\/li>\n<li>utworzenie i wyposa\u017cenie Mi\u0119dzyszkolnego Laboratorium Matematyczno-Przyrodniczego, Mi\u0119dzyszkolnej Pracowni Arteterapii i Rozwoju Osobowo\u015bci,<\/li>\n<li>doposa\u017cenie istniej\u0105cej pracowni gospodarstwa domowego,<\/li>\n<li>zakup materia\u0142\u00f3w oraz pomocy dydaktycznych do prowadzenia terapii uczni\u00f3w.<\/li>\n<\/ul>\n<h4>Uczniowie zostali obj\u0119ci nast\u0119puj\u0105cymi formami wsparcia:<\/h4>\n<ul>\n<li>Zaj\u0119cia rozwijaj\u0105ce kompetencje matematyczno-przyrodnicze<\/li>\n<li>Zaj\u0119cia rozwijaj\u0105ce zainteresowanie technologi\u0105 informacyjn\u0105 i IT<\/li>\n<li>Arteterapia<\/li>\n<li>Muzykoterapia<\/li>\n<li>Teatroterapia<\/li>\n<li>Zaj\u0119cia rozwijaj\u0105ce zaradno\u015b\u0107 osobist\u0105, prowadzone metod\u0105 Ergoterapii<\/li>\n<li>Socjoterapia<\/li>\n<\/ul>\n<p>Dope\u0142nieniem zaj\u0119\u0107 by\u0142 udzia\u0142 w wycieczkach edukacyjnych do Ogrodu Do\u015bwiadcze\u0144 w Krakowie, Centrum Nauki Kopernik, Centrum Nauki i Wiedzy o Wodzie Hydropolis, zwiedzanie Oceanarium we Wroc\u0142awiu, zwiedzanie Krakowa, Sandomierza oraz Kopalni Z\u0142ota i \u015aredniowiecznego Parku Techniki &#8211; Z\u0142oty Stok w Sudetach.<\/p>\n<p>Udzia\u0142 w zr\u00f3\u017cnicowanych formach dzia\u0142a\u0144 projektowych ni\u00f3s\u0142 ze sob\u0105 ogrom prze\u017cy\u0107 i wiele cennych do\u015bwiadcze\u0144. Pozwoli\u0142 uczniom poszerzy\u0107 wiedz\u0119 o otaczaj\u0105cym \u015bwiecie i zjawiskach w nim wyst\u0119puj\u0105cych oraz pom\u00f3g\u0142 przezwyci\u0119\u017cy\u0107 trudno\u015bci i zaprezentowa\u0107 na wysokim szczeblu swoje sceniczne a tak\u017ce artystyczne talenty. Podczas wsp\u00f3lnej aktywno\u015bci uczniowie doskonalili umiej\u0119tno\u015b\u0107 wsp\u00f3\u0142dzia\u0142ania. Wierzymy, \u017ce widocznym przejawem nabytych kompetencji b\u0119dzie coraz to pe\u0142niejsze, aktywne, odwa\u017cne i tw\u00f3rcze funkcjonowanie uczni\u00f3w w spo\u0142ecze\u0144stwie.<\/p>\n\n\n<hr class=\"wp-block-separator has-text-color has-vivid-red-color has-alpha-channel-opacity has-vivid-red-background-color has-background is-style-wide\"\/>\n\n\n<h2><span style=\"color: #000000;\">Od 1 wrze\u015bnia 2020 r. do 31 sierpnia 2022 r. Specjalny O\u015brodek Szkolno-Wychowawczy im. ks. Jana Twardowskiego w Bochni realizuje projekt pn. <span style=\"color: #870808;\">\u201cPozw\u00f3l mi zrozumie\u0107 \u015bwiat&#8221;<\/span>.<\/span><\/h2>\n<p>Projekt jest wsp\u00f3\u0142finansowany ze \u015brodk\u00f3w Unii Europejskiej w ramach poddzia\u0142ania 10.1.3 Edukacja w szko\u0142ach prowadz\u0105cych kszta\u0142cenie og\u00f3lne Regionalny Program Operacyjny Wojew\u00f3dztwa Ma\u0142opolskiego na lata 2014-2020.<\/p>","protected":false},"excerpt":{"rendered":"<p>Zako\u0144czenie projektu Dobieg\u0142 ko\u0144ca, realizowany od 1 wrze\u015bnia 2020 roku projekt pn. &#8222;Pozw\u00f3l mi zrozumie\u0107 \u015bwiat&#8221;, wsp\u00f3\u0142finansowany ze \u015brodk\u00f3w Unii Europejskiej w ramach Regionalnego Programu Operacyjnego Wojew\u00f3dztwa Ma\u0142opolskiego na lata&hellip; <a class=\"continue\" href=\"https:\/\/zrozumiecswiat.sosw.bochnia.pl\/\">Czytaj wi\u0119cej<span> Start<\/span><\/a><\/p>\n","protected":false},"author":1,"featured_media":0,"parent":0,"menu_order":0,"comment_status":"closed","ping_status":"closed","template":"","meta":{"footnotes":""},"class_list":["post-12","page","type-page","status-publish","hentry"],"yoast_head":"<!-- This site is optimized with the Yoast SEO plugin v27.4 - https:\/\/yoast.com\/product\/yoast-seo-wordpress\/ -->\n<title>Start - Pozw\u00f3l mi zrozumie\u0107 \u015bwiat<\/title>\n<meta name=\"robots\" content=\"index, follow, max-snippet:-1, max-image-preview:large, max-video-preview:-1\" \/>\n<link rel=\"canonical\" href=\"https:\/\/zrozumiecswiat.sosw.bochnia.pl\/\" \/>\n<meta property=\"og:locale\" content=\"pl_PL\" \/>\n<meta property=\"og:type\" content=\"article\" \/>\n<meta property=\"og:title\" content=\"Start - Pozw\u00f3l mi zrozumie\u0107 \u015bwiat\" \/>\n<meta property=\"og:description\" content=\"Zako\u0144czenie projektu Dobieg\u0142 ko\u0144ca, realizowany od 1 wrze\u015bnia 2020 roku projekt pn. &#8222;Pozw\u00f3l mi zrozumie\u0107 \u015bwiat&#8221;, wsp\u00f3\u0142finansowany ze \u015brodk\u00f3w Unii Europejskiej w ramach Regionalnego Programu Operacyjnego Wojew\u00f3dztwa Ma\u0142opolskiego na lata&hellip; Czytaj wi\u0119cej Start\" \/>\n<meta property=\"og:url\" content=\"https:\/\/zrozumiecswiat.sosw.bochnia.pl\/\" \/>\n<meta property=\"og:site_name\" content=\"Pozw\u00f3l mi zrozumie\u0107 \u015bwiat\" \/>\n<meta property=\"article:modified_time\" content=\"2022-10-20T00:00:37+00:00\" \/>\n<meta name=\"twitter:card\" content=\"summary_large_image\" \/>\n<meta name=\"twitter:label1\" content=\"Szacowany czas czytania\" \/>\n\t<meta name=\"twitter:data1\" content=\"2 minuty\" \/>\n<script type=\"application\/ld+json\" class=\"yoast-schema-graph\">{\"@context\":\"https:\\\/\\\/schema.org\",\"@graph\":[{\"@type\":\"WebPage\",\"@id\":\"https:\\\/\\\/zrozumiecswiat.sosw.bochnia.pl\\\/\",\"url\":\"https:\\\/\\\/zrozumiecswiat.sosw.bochnia.pl\\\/\",\"name\":\"Start - Pozw\u00f3l mi zrozumie\u0107 \u015bwiat\",\"isPartOf\":{\"@id\":\"https:\\\/\\\/zrozumiecswiat.sosw.bochnia.pl\\\/#website\"},\"datePublished\":\"2022-09-09T19:42:20+00:00\",\"dateModified\":\"2022-10-20T00:00:37+00:00\",\"breadcrumb\":{\"@id\":\"https:\\\/\\\/zrozumiecswiat.sosw.bochnia.pl\\\/#breadcrumb\"},\"inLanguage\":\"pl-PL\",\"potentialAction\":[{\"@type\":\"ReadAction\",\"target\":[\"https:\\\/\\\/zrozumiecswiat.sosw.bochnia.pl\\\/\"]}]},{\"@type\":\"BreadcrumbList\",\"@id\":\"https:\\\/\\\/zrozumiecswiat.sosw.bochnia.pl\\\/#breadcrumb\",\"itemListElement\":[{\"@type\":\"ListItem\",\"position\":1,\"name\":\"Strona g\u0142\u00f3wna\",\"item\":\"https:\\\/\\\/zrozumiecswiat.sosw.bochnia.pl\\\/\"},{\"@type\":\"ListItem\",\"position\":2,\"name\":\"Start\"}]},{\"@type\":\"WebSite\",\"@id\":\"https:\\\/\\\/zrozumiecswiat.sosw.bochnia.pl\\\/#website\",\"url\":\"https:\\\/\\\/zrozumiecswiat.sosw.bochnia.pl\\\/\",\"name\":\"Pozw\u00f3l mi zrozumie\u0107 \u015bwiat\",\"description\":\"\",\"publisher\":{\"@id\":\"https:\\\/\\\/zrozumiecswiat.sosw.bochnia.pl\\\/#organization\"},\"potentialAction\":[{\"@type\":\"SearchAction\",\"target\":{\"@type\":\"EntryPoint\",\"urlTemplate\":\"https:\\\/\\\/zrozumiecswiat.sosw.bochnia.pl\\\/?s={search_term_string}\"},\"query-input\":{\"@type\":\"PropertyValueSpecification\",\"valueRequired\":true,\"valueName\":\"search_term_string\"}}],\"inLanguage\":\"pl-PL\"},{\"@type\":\"Organization\",\"@id\":\"https:\\\/\\\/zrozumiecswiat.sosw.bochnia.pl\\\/#organization\",\"name\":\"Pozw\u00f3l mi zrozumie\u0107 \u015bwiat\",\"url\":\"https:\\\/\\\/zrozumiecswiat.sosw.bochnia.pl\\\/\",\"logo\":{\"@type\":\"ImageObject\",\"inLanguage\":\"pl-PL\",\"@id\":\"https:\\\/\\\/zrozumiecswiat.sosw.bochnia.pl\\\/#\\\/schema\\\/logo\\\/image\\\/\",\"url\":\"https:\\\/\\\/zrozumiecswiat.sosw.bochnia.pl\\\/wp-content\\\/uploads\\\/2022\\\/09\\\/sosw_right.png\",\"contentUrl\":\"https:\\\/\\\/zrozumiecswiat.sosw.bochnia.pl\\\/wp-content\\\/uploads\\\/2022\\\/09\\\/sosw_right.png\",\"width\":350,\"height\":86,\"caption\":\"Pozw\u00f3l mi zrozumie\u0107 \u015bwiat\"},\"image\":{\"@id\":\"https:\\\/\\\/zrozumiecswiat.sosw.bochnia.pl\\\/#\\\/schema\\\/logo\\\/image\\\/\"}}]}<\/script>\n<!-- \/ Yoast SEO plugin. -->","yoast_head_json":{"title":"Start - Pozw\u00f3l mi zrozumie\u0107 \u015bwiat","robots":{"index":"index","follow":"follow","max-snippet":"max-snippet:-1","max-image-preview":"max-image-preview:large","max-video-preview":"max-video-preview:-1"},"canonical":"https:\/\/zrozumiecswiat.sosw.bochnia.pl\/","og_locale":"pl_PL","og_type":"article","og_title":"Start - Pozw\u00f3l mi zrozumie\u0107 \u015bwiat","og_description":"Zako\u0144czenie projektu Dobieg\u0142 ko\u0144ca, realizowany od 1 wrze\u015bnia 2020 roku projekt pn. &#8222;Pozw\u00f3l mi zrozumie\u0107 \u015bwiat&#8221;, wsp\u00f3\u0142finansowany ze \u015brodk\u00f3w Unii Europejskiej w ramach Regionalnego Programu Operacyjnego Wojew\u00f3dztwa Ma\u0142opolskiego na lata&hellip; Czytaj wi\u0119cej Start","og_url":"https:\/\/zrozumiecswiat.sosw.bochnia.pl\/","og_site_name":"Pozw\u00f3l mi zrozumie\u0107 \u015bwiat","article_modified_time":"2022-10-20T00:00:37+00:00","twitter_card":"summary_large_image","twitter_misc":{"Szacowany czas czytania":"2 minuty"},"schema":{"@context":"https:\/\/schema.org","@graph":[{"@type":"WebPage","@id":"https:\/\/zrozumiecswiat.sosw.bochnia.pl\/","url":"https:\/\/zrozumiecswiat.sosw.bochnia.pl\/","name":"Start - Pozw\u00f3l mi zrozumie\u0107 \u015bwiat","isPartOf":{"@id":"https:\/\/zrozumiecswiat.sosw.bochnia.pl\/#website"},"datePublished":"2022-09-09T19:42:20+00:00","dateModified":"2022-10-20T00:00:37+00:00","breadcrumb":{"@id":"https:\/\/zrozumiecswiat.sosw.bochnia.pl\/#breadcrumb"},"inLanguage":"pl-PL","potentialAction":[{"@type":"ReadAction","target":["https:\/\/zrozumiecswiat.sosw.bochnia.pl\/"]}]},{"@type":"BreadcrumbList","@id":"https:\/\/zrozumiecswiat.sosw.bochnia.pl\/#breadcrumb","itemListElement":[{"@type":"ListItem","position":1,"name":"Strona g\u0142\u00f3wna","item":"https:\/\/zrozumiecswiat.sosw.bochnia.pl\/"},{"@type":"ListItem","position":2,"name":"Start"}]},{"@type":"WebSite","@id":"https:\/\/zrozumiecswiat.sosw.bochnia.pl\/#website","url":"https:\/\/zrozumiecswiat.sosw.bochnia.pl\/","name":"Pozw\u00f3l mi zrozumie\u0107 \u015bwiat","description":"","publisher":{"@id":"https:\/\/zrozumiecswiat.sosw.bochnia.pl\/#organization"},"potentialAction":[{"@type":"SearchAction","target":{"@type":"EntryPoint","urlTemplate":"https:\/\/zrozumiecswiat.sosw.bochnia.pl\/?s={search_term_string}"},"query-input":{"@type":"PropertyValueSpecification","valueRequired":true,"valueName":"search_term_string"}}],"inLanguage":"pl-PL"},{"@type":"Organization","@id":"https:\/\/zrozumiecswiat.sosw.bochnia.pl\/#organization","name":"Pozw\u00f3l mi zrozumie\u0107 \u015bwiat","url":"https:\/\/zrozumiecswiat.sosw.bochnia.pl\/","logo":{"@type":"ImageObject","inLanguage":"pl-PL","@id":"https:\/\/zrozumiecswiat.sosw.bochnia.pl\/#\/schema\/logo\/image\/","url":"https:\/\/zrozumiecswiat.sosw.bochnia.pl\/wp-content\/uploads\/2022\/09\/sosw_right.png","contentUrl":"https:\/\/zrozumiecswiat.sosw.bochnia.pl\/wp-content\/uploads\/2022\/09\/sosw_right.png","width":350,"height":86,"caption":"Pozw\u00f3l mi zrozumie\u0107 \u015bwiat"},"image":{"@id":"https:\/\/zrozumiecswiat.sosw.bochnia.pl\/#\/schema\/logo\/image\/"}}]}},"_links":{"self":[{"href":"https:\/\/zrozumiecswiat.sosw.bochnia.pl\/index.php\/wp-json\/wp\/v2\/pages\/12","targetHints":{"allow":["GET"]}}],"collection":[{"href":"https:\/\/zrozumiecswiat.sosw.bochnia.pl\/index.php\/wp-json\/wp\/v2\/pages"}],"about":[{"href":"https:\/\/zrozumiecswiat.sosw.bochnia.pl\/index.php\/wp-json\/wp\/v2\/types\/page"}],"author":[{"embeddable":true,"href":"https:\/\/zrozumiecswiat.sosw.bochnia.pl\/index.php\/wp-json\/wp\/v2\/users\/1"}],"replies":[{"embeddable":true,"href":"https:\/\/zrozumiecswiat.sosw.bochnia.pl\/index.php\/wp-json\/wp\/v2\/comments?post=12"}],"version-history":[{"count":11,"href":"https:\/\/zrozumiecswiat.sosw.bochnia.pl\/index.php\/wp-json\/wp\/v2\/pages\/12\/revisions"}],"predecessor-version":[{"id":464,"href":"https:\/\/zrozumiecswiat.sosw.bochnia.pl\/index.php\/wp-json\/wp\/v2\/pages\/12\/revisions\/464"}],"wp:attachment":[{"href":"https:\/\/zrozumiecswiat.sosw.bochnia.pl\/index.php\/wp-json\/wp\/v2\/media?parent=12"}],"curies":[{"name":"wp","href":"https:\/\/api.w.org\/{rel}","templated":true}]}}